{"id":98907,"date":"2024-06-18T15:20:33","date_gmt":"2024-06-18T15:20:33","guid":{"rendered":"https:\/\/securitylab.amnesty.org\/es\/?page_id=98907"},"modified":"2024-06-18T15:20:33","modified_gmt":"2024-06-18T15:20:33","slug":"privacy-policy","status":"publish","type":"page","link":"https:\/\/securitylab.amnesty.org\/es\/privacy-policy\/","title":{"rendered":"Pol\u00edtica de privacidad"},"content":{"rendered":"\n<h2 class=\"wp-block-heading\"><strong>Introducci\u00f3n<\/strong><\/h2>\n\n\n\n<p>El Laboratorio sobre Seguridad de Amnist\u00eda Internacional se compromete a garantizar la privacidad de todos sus usuarios y usuarias. Venimos trabajando desde hace mucho tiempo en favor del derecho a la privacidad y en contra de la vigilancia ileg\u00edtima y la intromisi\u00f3n de los gobiernos. Esta pol\u00edtica refleja nuestro compromiso, como organizaci\u00f3n, con tu derecho a la privacidad, y ofrece una explicaci\u00f3n clara de c\u00f3mo usamos tu informaci\u00f3n y de tus derechos en relaci\u00f3n con esa informaci\u00f3n. Los mismos principios tambi\u00e9n se aplican cuando recopilamos datos personales tuyos a trav\u00e9s de otros canales (correo electr\u00f3nico, llamadas telef\u00f3nicas o mensajes, etc.). <\/p>\n\n\n\n<p>Esta pol\u00edtica se aplica a todos los sistemas online que ofrece <a href=\"https:\/\/securitylab.amnesty.org\/es\/\" target=\"_blank\" rel=\"noreferrer noopener\">el Laboratorio sobre Seguridad de Amnist\u00eda Internacional<\/a>. El Laboratorio de Seguridad forma parte de Amnesty International Limited, la principal empresa operadora del <a href=\"https:\/\/www.amnesty.org\/es\/about-us\/\"><strong>Secretariado Internacional<\/strong><\/a> de Amnist\u00eda Internacional, inscrita como sociedad de responsabilidad limitada por garant\u00eda en Inglaterra y Gales (n\u00famero 01606776). <\/p>\n\n\n\n<p>Amnesty International Limited es la entidad registrada que controla los datos a la que se refiere la pol\u00edtica. Puedes ver todos nuestros detalles al final de esta pol\u00edtica; si tienes cualquier duda o pregunta sobre ella, no dudes en ponerte en contacto con nosotros. <\/p>\n\n\n\n<h2 class=\"wp-block-heading\"><strong>\u00bfQu\u00e9 clase de informaci\u00f3n recogemos y c\u00f3mo la recogemos?<\/strong> <\/h2>\n\n\n\n<p>El tipo y volumen de informaci\u00f3n que recibimos y guardamos depende del uso que hagas de nuestro sitio web. Puedes acceder a la mayor\u00eda de las p\u00e1ginas de nuestro sitio web sin revelarnos tu identidad ni ning\u00fan dato personal salvo tu direcci\u00f3n IP. <\/p>\n\n\n\n<p>En tus visitas a nuestro sitio web, nuestros servidores usan cookies y almacenan archivos de registro que facilitan informaci\u00f3n valiosa para mejorar el sitio en el futuro. Si deseas m\u00e1s informaci\u00f3n, visita la <a href=\"https:\/\/securitylab.amnesty.org\/cookies-policy\/\" target=\"_blank\" rel=\"noreferrer noopener\">p\u00e1gina espec\u00edfica sobre cookies<\/a>. <\/p>\n\n\n\n<p>Tambi\u00e9n recopilamos informaci\u00f3n personal, que es informaci\u00f3n relacionada con una persona identificada o identificable. La informaci\u00f3n personal podr\u00eda ser tan simple como un nombre o un n\u00famero, o podr\u00eda incluir otros identificadores o informaci\u00f3n personal tuya, como una direcci\u00f3n IP o un identificador de cookies, u otros factores. <\/p>\n\n\n\n<h2 class=\"wp-block-heading\"><strong>Podemos recopilar informaci\u00f3n personal, que puede incluir tu direcci\u00f3n IP, de las siguientes maneras:<\/strong> <\/h2>\n\n\n\n<ul class=\"wp-block-list\">\n<li>cuando visitas el sitio web, la informaci\u00f3n del dispositivo se recopila autom\u00e1ticamente, como tu direcci\u00f3n IP; <\/li>\n\n\n\n<li>cuando te pongas en contacto con el Laboratorio <a href=\"https:\/\/securitylab.amnesty.org\/es\/contact-us\/\">a trav\u00e9s del correo electr\u00f3nico<\/a> o de nuestro buz\u00f3n p\u00fablico en share@amnesty.tech; <\/li>\n\n\n\n<li>al rellenar el <a href=\"https:\/\/securitylab.amnesty.org\/es\/get-help-digital-forensic-support\/\">formulario de asistencia en an\u00e1lisis forense digital<\/a>; <\/li>\n\n\n\n<li>cuando compartas registros forenses con el Laboratorio sobre Seguridad para su an\u00e1lisis; <\/li>\n\n\n\n<li>cuando solicites una oportunidad con el Laboratorio, como una beca Digital Forensics Fellowship. <\/li>\n<\/ul>\n\n\n\n<p><strong>Si decides facilitarlos, podemos recoger los siguientes tipos de datos personales:<\/strong> <\/p>\n\n\n\n<ul class=\"wp-block-list\">\n<li>nombre; <\/li>\n\n\n\n<li>edad; <\/li>\n\n\n\n<li>ocupaci\u00f3n; <\/li>\n\n\n\n<li>nacionalidad; <\/li>\n\n\n\n<li>pa\u00eds donde te encuentras; <\/li>\n\n\n\n<li>direcci\u00f3n de correo-e; <\/li>\n\n\n\n<li>tel\u00e9fono; <\/li>\n\n\n\n<li>\u201cdatos de categor\u00eda especial\u201d<sup>1<\/sup> o datos personales sensibles, como el g\u00e9nero, la etnia, la orientaci\u00f3n sexual, las opiniones pol\u00edticas, las creencias religiosas o filos\u00f3ficas, la discapacidad y las condenas penales; <\/li>\n\n\n\n<li>datos forenses de tus dispositivos, que pueden incluir archivos de registro del sistema y, en algunos casos, datos de comunicaci\u00f3n personal como SMS y el historial de navegaci\u00f3n. <\/li>\n<\/ul>\n\n\n\n<h2 class=\"wp-block-heading\"><strong>\u00bfC\u00f3mo usamos la informaci\u00f3n recogida?<\/strong> <\/h2>\n\n\n\n<p>Usamos los datos personales recogidos en nuestros sitios web para los siguientes fines: <\/p>\n\n\n\n<ul class=\"wp-block-list\">\n<li>comunicarnos contigo; <\/li>\n\n\n\n<li>gestionar y procesar consultas y otras interacciones contigo; <\/li>\n\n\n\n<li>proporcionarte un servicio y apoyo personalizados; <\/li>\n\n\n\n<li>darte informaci\u00f3n sobre nuevas amenazas digitales y formas de protegerte; <\/li>\n\n\n\n<li>elaborar un an\u00e1lisis global sobre la escala de los ataques digitales, sus resultados y su distribuci\u00f3n geogr\u00e1fica; <\/li>\n<\/ul>\n\n\n\n<ul class=\"wp-block-list\">\n<li>ceder tus datos a otras organizaciones de Amnist\u00eda Internacional o a terceros de confianza (encontrar\u00e1s m\u00e1s detalles <em>infra<\/em>); <\/li>\n\n\n\n<li>mejorar nuestros sitios web; <\/li>\n\n\n\n<li>cumplir las obligaciones legales. <\/li>\n<\/ul>\n\n\n\n<h2 class=\"wp-block-heading\"><strong>Base jur\u00eddica del tratamiento de los datos<\/strong><\/h2>\n\n\n\n<p>La legislaci\u00f3n sobre protecci\u00f3n de datos nos exige una justificaci\u00f3n legal para tratar tus datos personales. Usamos las siguientes, en funci\u00f3n del tipo de datos y del tipo de tratamiento: <\/p>\n\n\n\n<h3 class=\"wp-block-heading\"><strong>Consentimiento<\/strong><\/h3>\n\n\n\n<p>Necesitamos tu consentimiento para comunicarnos contigo, por ejemplo, para enviarte informaci\u00f3n sobre nuevas amenazas digitales, responder al env\u00edo de tu formulario de asistencia en an\u00e1lisis forense digital o responder a una solicitud que nos hayas mandado. Si nos facilitas datos personales confidenciales (como tu raza, etnia, g\u00e9nero) s\u00f3lo trataremos esa informaci\u00f3n con tu autorizaci\u00f3n. <\/p>\n\n\n\n<h3 class=\"wp-block-heading\"><strong>Inter\u00e9s leg\u00edtimo<\/strong> <\/h3>\n\n\n\n<p>A veces cedemos tus datos personales a otras partes del movimiento global de Amnist\u00eda Internacional o a terceros de confianza (v\u00e9ase <em>infra<\/em>). Esto se hace para proporcionarte apoyo personalizado y coordinar los esfuerzos de toda la sociedad civil. <\/p>\n\n\n\n<h3 class=\"wp-block-heading\"><strong>Obligaci\u00f3n legal<\/strong><\/h3>\n\n\n\n<p>Trataremos tus datos personales para cumplir las obligaciones legales que se nos impongan y si una autoridad legal o un tribunal nos lo pide de forma leg\u00edtima. <\/p>\n\n\n\n<h3 class=\"wp-block-heading\"><strong>Necesidad<\/strong><\/h3>\n\n\n\n<p>Por ejemplo, cuando solicitas una oportunidad con el Laboratorio, es necesario tratar ciertos datos a efectos de empleo. <\/p>\n\n\n\n<h3 class=\"wp-block-heading\"><strong>Seguridad<\/strong><\/h3>\n\n\n\n<p>Tomamos las medidas de seguridad adecuadas para garantizar que guardamos tus datos de forma segura, precisa y actualizada. Sin embargo, la transmisi\u00f3n de informaci\u00f3n por Internet nunca es totalmente segura, por lo que aunque hacemos todo lo posible para proteger los datos personales, no podemos garantizar la seguridad de los datos que nos transmitas. <\/p>\n\n\n\n<h2 class=\"wp-block-heading\"><strong>Sitios web de terceros<\/strong> <\/h2>\n\n\n\n<p>En nuestro sitio web tenemos en ocasiones enlaces a sitios web o aplicaciones de terceros o contenido incorporado de sitios web de terceros (que se explicar\u00e1 \/ indicar\u00e1 en las p\u00e1ginas relevantes). La presente pol\u00edtica no se aplica a estas p\u00e1ginas o aplicaciones alojadas o gestionadas por otras organizaciones. Esto puede incluir los sitios web o aplicaciones de las Secciones de Amnist\u00eda Internacional o de organizaciones afines y los sitios de terceros. Esos otros sitios pueden tener su propia pol\u00edtica de privacidad.&nbsp;<\/p>\n\n\n\n<h2 class=\"wp-block-heading\"><strong>Cesi\u00f3n de datos personales<\/strong> <\/h2>\n\n\n\n<p>S\u00f3lo cederemos tus datos personales en las siguientes circunstancias: <\/p>\n\n\n\n<h3 class=\"wp-block-heading\"><strong>Cesi\u00f3n a otras partes del movimiento global de Amnist\u00eda Internacional<\/strong> <\/h3>\n\n\n\n<p>El Laboratorio sobre Seguridad de Amnist\u00eda Internacional es una parte del movimiento global de Amnist\u00eda Internacional. Nuestro movimiento est\u00e1 integrado por m\u00e1s de 60 organizaciones de membres\u00eda que trabajan para poner fin a las violaciones de derechos humanos en todo el mundo. Algunas de estas entidades est\u00e1n constituidas formalmente y otras, no. Podemos ceder tus datos a estas entidades, que podr\u00edan usar tus datos personales en relaci\u00f3n con sus actividades. Por ejemplo, si nos has enviado una solicitud forense, podemos ceder tu nombre y organizaci\u00f3n a la Oficina Regional o Secci\u00f3n nacional de Amnist\u00eda Internacional correspondiente para ayudar a examinar y tramitar tu caso. En la medida en que esta cesi\u00f3n de tus datos nos exija transferir tus datos personales fuera de la UE, tenemos disposiciones contractuales para garantizar que tus datos son cedidos y tratados por la organizaci\u00f3n destinataria seg\u00fan las normas de la UE. <br> <br>En el caso de la contrataci\u00f3n, tus datos personales se almacenan en la infraestructura de Amnesty International Limited. En la medida en que esta cesi\u00f3n de tus datos nos exija transferir tus datos personales fuera de la UE, tenemos disposiciones contractuales para garantizar que tus datos son cedidos y tratados por la organizaci\u00f3n destinataria seg\u00fan las normas de la UE. <\/p>\n\n\n\n<h3 class=\"wp-block-heading\"><strong>Disposiciones sobre alojamiento y tratamiento<\/strong> <\/h3>\n\n\n\n<p>Nuestro sitio web est\u00e1 alojado por terceros proveedores de servicios; por lo tanto, todos los datos personales que facilites a trav\u00e9s de ellos, como tu direcci\u00f3n IP o direcci\u00f3n de correo electr\u00f3nico, pueden ser tratados por dicho tercero proveedor de servicios. <\/p>\n\n\n\n<p>El <a href=\"https:\/\/securitylab.amnesty.org\/es\/get-help-digital-forensic-support\/\">formulario de asistencia en an\u00e1lisis forense digital<\/a> est\u00e1 alojado internamente en el Laboratorio sobre Seguridad, lo que significa que todos los datos recopilados S\u00f3lo se almacenan y tramitan en infraestructuras administradas y controladas por el Laboratorio sobre Seguridad de Amnist\u00eda Internacional. Este sistema cumple esta pol\u00edtica. <\/p>\n\n\n\n<p>Tambi\u00e9n utilizamos a otros terceros para tratar tus datos personales con el fin de tratar toda la informaci\u00f3n asociada a solicitudes de oportunidades y procesos de contrataci\u00f3n relacionados. <\/p>\n\n\n\n<p>Todos los terceros proveedores de servicios est\u00e1n vinculados mediante cl\u00e1usulas contractuales que cumplen la legislaci\u00f3n sobre protecci\u00f3n de datos. <\/p>\n\n\n\n<h3 class=\"wp-block-heading\"><strong>Otras cesiones<\/strong><\/h3>\n\n\n\n<p>Tambi\u00e9n podr\u00edamos ceder tus datos personales con tu autorizaci\u00f3n o si la ley nos exige revelar tu informaci\u00f3n en circunstancias en las que no cabe oponerse razonablemente. <\/p>\n\n\n\n<p>En algunas circunstancias, tu informaci\u00f3n puede cederse a terceros, como otras partes del movimiento global de Amnist\u00eda Internacional o entidades asociadas de confianza de la sociedad civil. Por ejemplo, si una organizaci\u00f3n asociada de confianza tambi\u00e9n est\u00e1 apoyando tu caso, es posible que nos pongamos en contacto para coordinar los esfuerzos. En estas circunstancias, la informaci\u00f3n se compartir\u00eda de forma confidencial y exclusiva con las partes que necesiten conocerla. <\/p>\n\n\n\n<h2 class=\"wp-block-heading\"><strong>Uso de cookies<\/strong><\/h2>\n\n\n\n<p>Una cookie es una informaci\u00f3n s\u00f3lo de texto que transmite un sitio web al disco duro de tu ordenador a fin de que el sitio pueda recordar qui\u00e9n eres. Normalmente una cookie contendr\u00e1 el nombre del dominio de Internet del que procede, la fecha de caducidad de la cookie y un valor, por lo general una cifra \u00fanica generada aleatoriamente. <\/p>\n\n\n\n<p>Se puede configurar el navegador de Internet para que restrinja o bloquee las cookies (m\u00e1s informaci\u00f3n en <a href=\"https:\/\/www.aboutcookies.org\/\" target=\"_blank\" rel=\"noreferrer noopener\"><strong>www.aboutcookies.org.<\/strong><\/a>). <\/p>\n\n\n\n<p>Si quieres informaci\u00f3n m\u00e1s detallada sobre cookies y sobre c\u00f3mo las usa el Laboratorio sobre Seguridad de Amnist\u00eda Internacional, consulta nuestra <a href=\"https:\/\/securitylab.amnesty.org\/es\/cookies-policy\/\" target=\"_blank\" rel=\"noreferrer noopener\">Pol\u00edtica de cookies<\/a>. <\/p>\n\n\n\n<h2 class=\"wp-block-heading\"><strong>Menores de 18 a\u00f1os<\/strong> <\/h2>\n\n\n\n<p>Si tienes menos de 18 a\u00f1os, aseg\u00farate de que cuentas con la autorizaci\u00f3n de tus progenitores o tutores legales antes de facilitarnos datos personales. <\/p>\n\n\n\n<h2 class=\"wp-block-heading\"><strong>Plazo de conservaci\u00f3n de los datos<\/strong> <\/h2>\n\n\n\n<p>S\u00f3lo conservamos tus datos personales en nuestros sistemas durante el tiempo necesario para los fines antes se\u00f1alados. Eliminamos los datos personales de nuestros sistemas cuando ya no son necesarios, con arreglo a nuestras directrices sobre el tiempo que una informaci\u00f3n importante debe seguir siendo accesible para uso o consultas futuras, as\u00ed como cu\u00e1ndo y c\u00f3mo pueden destruirse datos cuando ya no son necesarios. <\/p>\n\n\n\n<p>El tiempo que se conservar\u00e1 cada categor\u00eda de datos variar\u00e1 en funci\u00f3n del tiempo que necesitemos para tratarlos, el motivo por el que se recogieron y con arreglo a lo que disponga la ley. Transcurrido este plazo, los datos ser\u00e1n eliminados o conservados en un registro anonimizado y seguro a efectos de investigaci\u00f3n y an\u00e1lisis. <\/p>\n\n\n\n<h2 class=\"wp-block-heading\"><strong>Tus derechos y tu acceso a tus datos personales<\/strong> <\/h2>\n\n\n\n<p>Los datos personales que tenemos sobre ti son tuyos. Tienes los siguientes derechos sobre tus datos: <\/p>\n\n\n\n<ul class=\"wp-block-list\">\n<li>a ser informado sobre el tratamiento que se les est\u00e1 dando; <\/li>\n\n\n\n<li>a acceder a ellos; <\/li>\n\n\n\n<li>a rectificar cualquier dato que sea inexacto; <\/li>\n\n\n\n<li>a pedirnos que borremos tus datos; <\/li>\n\n\n\n<li>a restringir el tratamiento que demos a tus datos (lo que incluye contactar contigo por correo electr\u00f3nico) en cualquier momento; <\/li>\n\n\n\n<li>a negarte a que se almacenen tus datos; <\/li>\n\n\n\n<li>a trasladar tus datos. <\/li>\n<\/ul>\n\n\n\n<h2 class=\"wp-block-heading\"><strong>Declaraci\u00f3n de pol\u00edtica de protecci\u00f3n de la privacidad en la contrataci\u00f3n de personal<\/strong> <\/h2>\n\n\n\n<p>Amnesty International Limited se compromete a gestionar de forma responsable los datos personales que obtenga en el proceso de selecci\u00f3n. <\/p>\n\n\n\n<p>Los datos que facilites en relaci\u00f3n con tu solicitud ser\u00e1n utilizados por Amnist\u00eda s\u00f3lo en el \u00e1mbito interno, en relaci\u00f3n con procesos de contrataci\u00f3n y selecci\u00f3n, y no ser\u00e1n comunicados a terceros sin tu consentimiento, salvo cuando lo exija la ley y salvo a nuestro proveedor de servicios (en nuestra declaraci\u00f3n general encontrar\u00e1s m\u00e1s detalles). <\/p>\n\n\n\n<p>Se anonimizar\u00e1n los datos personales confidenciales como los relativos a g\u00e9nero, edad, orientaci\u00f3n sexual, religi\u00f3n y credo, responsabilidades relacionadas con el cuidado de personas a cargo, discapacidad, origen \u00e9tnico y regi\u00f3n de origen y se utilizar\u00e1n s\u00f3lo con fines de monitoreo de la diversidad cultural y la igualdad de oportunidades. Las solicitudes rechazadas se conservar\u00e1n durante un periodo de tres a\u00f1os tras la conclusi\u00f3n del proceso de selecci\u00f3n. Tambi\u00e9n te pediremos que confirmes que aceptas lo que se expresa en nuestra declaraci\u00f3n, cuyo texto figura a continuaci\u00f3n: <\/p>\n\n\n\n<h3 class=\"wp-block-heading\"><strong>Declaraci\u00f3n<\/strong> <\/h3>\n\n\n\n<p>Confirmo que los datos que he facilitado en mi solicitud son ver\u00eddicos y completos. Acepto que cualquier omisi\u00f3n deliberada, falsificaci\u00f3n o tergiversaci\u00f3n en el formulario de solicitud sea motivo para rechazar esta solicitud o de despido en el caso de que la organizaci\u00f3n me contrate. Cuando proceda, doy mi consentimiento a que la organizaci\u00f3n pida aclaraciones sobre los datos de inscripci\u00f3n profesional. Autorizo a Amnist\u00eda Internacional para que procese mis datos personales en las condiciones de privacidad expuestas. <\/p>\n\n\n\n<h3 class=\"wp-block-heading\"><strong>Si deseas ejercitar cualquiera de estos derechos o tienes alguna duda sobre esta pol\u00edtica, puedes contactarnos por las siguientes v\u00edas:<\/strong> <\/h3>\n\n\n\n<p>Por correo electr\u00f3nico: <a href=\"mailto:hello@amnesty.tech\">hello@amnesty.tech<\/a><\/p>\n\n\n\n<h2 class=\"wp-block-heading\"><strong>Quejas<\/strong><\/h2>\n\n\n\n<p>Si deseas formular una queja sobre la forma en que gestionamos tus datos personales, env\u00edanos a la direcci\u00f3n antes indicada los detalles de tu queja. Intentamos responder a todas las quejas en el plazo de 14 d\u00edas laborables. <\/p>\n\n\n\n<p>Si est\u00e1s disconforme con la forma en que hemos gestionado tu queja, puedes formular una queja ante la Oficina del Comisario de Informaci\u00f3n, que es el regulador encargado del cumplimiento de la protecci\u00f3n de datos y la privacidad en Reino Unido. <\/p>\n\n\n\n<p>Sitio web: <a href=\"https:\/\/ico.org.uk\/global\/contact-us\/\" target=\"_blank\" rel=\"noreferrer noopener\"><strong>https:\/\/ico.org.uk\/global\/contact-us\/<\/strong><\/a> <\/p>\n\n\n\n<p>Tel\u00e9fono: <a href=\"https:\/\/www.amnesty.org\/en\/privacy-policy\/03031231113\" target=\"_blank\" rel=\"noreferrer noopener\"><strong>0303 123 1113<\/strong><\/a> <\/p>\n\n\n\n<p><em>\u00daltima actualizaci\u00f3n: marzo de 2024<\/em><\/p>\n","protected":false},"excerpt":{"rendered":"<p>Introducci\u00f3n El Laboratorio sobre Seguridad de Amnist\u00eda Internacional se compromete a garantizar la privacidad de todos sus usuarios y usuarias. Venimos trabajando desde hace mucho tiempo en favor del derecho a la privacidad y en contra de la vigilancia ileg\u00edtima y la intromisi\u00f3n de los gobiernos. Esta pol\u00edtica refleja nuestro compromiso, como organizaci\u00f3n, con tu [&hellip;]<\/p>\n","protected":false},"author":13,"featured_media":0,"parent":0,"menu_order":0,"comment_status":"closed","ping_status":"closed","template":"","meta":{"_hero_title":"","_hero_content":"","_hero_cta_text":"","_hero_cta_link":"","_hero_alignment":"","_hero_background":"","_hero_size":"","_hero_show":"","_hero_type":"","_hero_embed":"","_hero_video_id":0,"_hero_hide_image_caption":true,"_hero_hide_image_copyright":false,"_nav_style":"","_disable_share_icons":false,"_disable_sidebar":false,"_display_author_info":false,"_hide_featured_image":false,"_hide_featured_image_caption":true,"_maximize_post_content":false,"_reduce_content_width":false,"_sidebar_id":0,"_stretch_thumbnail":false,"byline_context":"","byline_entity":"","byline_is_author":false,"disable_related_content":false,"download_id":0,"download_text":"","show_published_date":true,"show_updated_date":true,"term_slider":"","amnesty_index_number":"","recipients":"","recipients_refresh":"","recipients_refreshed":"","footnotes":""},"category":[],"location":[],"topic":[],"class_list":["post-98907","page","type-page","status-publish","hentry"],"_links":{"self":[{"href":"https:\/\/securitylab.amnesty.org\/es\/wp-json\/wp\/v2\/pages\/98907","targetHints":{"allow":["GET"]}}],"collection":[{"href":"https:\/\/securitylab.amnesty.org\/es\/wp-json\/wp\/v2\/pages"}],"about":[{"href":"https:\/\/securitylab.amnesty.org\/es\/wp-json\/wp\/v2\/types\/page"}],"author":[{"embeddable":true,"href":"https:\/\/securitylab.amnesty.org\/es\/wp-json\/wp\/v2\/users\/13"}],"replies":[{"embeddable":true,"href":"https:\/\/securitylab.amnesty.org\/es\/wp-json\/wp\/v2\/comments?post=98907"}],"version-history":[{"count":0,"href":"https:\/\/securitylab.amnesty.org\/es\/wp-json\/wp\/v2\/pages\/98907\/revisions"}],"wp:attachment":[{"href":"https:\/\/securitylab.amnesty.org\/es\/wp-json\/wp\/v2\/media?parent=98907"}],"wp:term":[{"taxonomy":"category","embeddable":true,"href":"https:\/\/securitylab.amnesty.org\/es\/wp-json\/wp\/v2\/category?post=98907"},{"taxonomy":"location","embeddable":true,"href":"https:\/\/securitylab.amnesty.org\/es\/wp-json\/wp\/v2\/location?post=98907"},{"taxonomy":"topic","embeddable":true,"href":"https:\/\/securitylab.amnesty.org\/es\/wp-json\/wp\/v2\/topic?post=98907"}],"curies":[{"name":"wp","href":"https:\/\/api.w.org\/{rel}","templated":true}]}}